{"id":867,"date":"2020-02-27T13:40:14","date_gmt":"2020-02-27T12:40:14","guid":{"rendered":"https:\/\/www.avistud.com\/?page_id=867"},"modified":"2020-02-27T13:41:48","modified_gmt":"2020-02-27T12:41:48","slug":"privacy-policy","status":"publish","type":"page","link":"https:\/\/www.ivostud.com\/en\/privacy-policy\/","title":{"rendered":"Privacy Policy"},"content":{"rendered":"<p><strong>The following privacy policy statement is given in German language only. In case you feel uncomfortable using this website without being able to fully comprehend the data protection declaration given below, please refrain from using this website.<\/strong><\/p>\n<p>&nbsp;<\/p>\n<p id=\"date\">Stand Februar 2020<\/p>\n<ul>\n<li>Name und Anschrift des Verantwortlichen<\/li>\n<\/ul>\n<p>Der Verantwortliche im Sinne der Datenschutz-Grundverordnung und anderer nationaler Datenschutzgesetze der Mitgliedstaaten sowie sonstiger datenschutzrechtlicher Bestimmungen ist die:<\/p>\n<p>IVOSTUD GmbH<\/p>\n<p>Sch\u00fctzenstra\u00dfe 6-8<\/p>\n<p>58339 Breckerfeld<\/p>\n<p>Deutschland<\/p>\n<p>+49 (2338) 87099-0<\/p>\n<p>info@ivostud.com<\/p>\n<p>www.ivostud.com<\/p>\n<ul>\n<li>Kontaktdaten des Datenschutzbeauftragten<\/li>\n<\/ul>\n<p>Der Datenschutzbeauftragte des Verantwortlichen ist:<\/p>\n<p>DataCo GmbH<\/p>\n<p>Dachauer Stra\u00dfe 65<\/p>\n<p>80335 M\u00fcnchen<\/p>\n<p>Deutschland<\/p>\n<p>+49 89 7400 45840<\/p>\n<p><a href=\"www.dataguard.de\">www.dataguard.de<\/a><\/p>\n<ul>\n<li>Allgemeines zur Datenverarbeitung<\/li>\n<\/ul>\n<p>1. Umfang der Verarbeitung personenbezogener Daten<\/p>\n<p>Wir verarbeiten personenbezogene Daten unserer Nutzer grunds\u00e4tzlich nur, soweit dies zur Bereitstellung einer funktionsf\u00e4higen Webseite sowie unserer Inhalte und Leistungen erforderlich ist. Die Verarbeitung personenbezogener Daten unserer Nutzer erfolgt regelm\u00e4\u00dfig nur nach Einwilligung des Nutzers. Eine Ausnahme gilt in solchen F\u00e4llen, in denen eine vorherige Einholung einer Einwilligung aus tats\u00e4chlichen Gr\u00fcnden nicht m\u00f6glich ist und die Verarbeitung der Daten durch gesetzliche Vorschriften gestattet ist.<\/p>\n<p>2. Rechtsgrundlage f\u00fcr die Verarbeitung personenbezogener Daten<\/p>\n<p>Soweit wir f\u00fcr Verarbeitungsvorg\u00e4nge personenbezogener Daten eine Einwilligung der betroffenen Person einholen, dient Art. 6 Abs. 1 S. 1 lit. a EU-Datenschutzgrundverordnung (DSGVO) als Rechtsgrundlage.<\/p>\n<p>Bei der Verarbeitung von personenbezogenen Daten, die zur Erf\u00fcllung eines Vertrages, dessen Vertragspartei die betroffene Person ist, erforderlich ist, dient Art. 6 Abs. 1 S. 1 lit. b DSGVO als Rechtsgrundlage. Dies gilt auch f\u00fcr Verarbeitungsvorg\u00e4nge, die zur Durchf\u00fchrung vorvertraglicher Ma\u00dfnahmen erforderlich sind.<\/p>\n<p>Soweit eine Verarbeitung personenbezogener Daten zur Erf\u00fcllung einer rechtlichen Verpflichtung erforderlich ist, der unser Unternehmen unterliegt, dient Art. 6 Abs. 1 S. 1 lit. c DSGVO als Rechtsgrundlage.<\/p>\n<p>F\u00fcr den Fall, dass lebenswichtige Interessen der betroffenen Person oder einer anderen nat\u00fcrlichen Person eine Verarbeitung personenbezogener Daten erforderlich machen, dient Art. 6 Abs. 1 S. 1 lit. d DSGVO als Rechtsgrundlage.<\/p>\n<p>Ist die Verarbeitung zur Wahrung eines berechtigten Interesses unseres Unternehmens oder eines Dritten erforderlich und \u00fcberwiegen die Interessen, Grundrechte und Grundfreiheiten des Betroffenen das erstgenannte Interesse nicht, so dient Art. 6 Abs. 1 S. 1 lit. f DSGVO als Rechtsgrundlage f\u00fcr die Verarbeitung.<\/p>\n<p>3. Datenl\u00f6schung und Speicherdauer<\/p>\n<p>Die personenbezogenen Daten der betroffenen Person werden gel\u00f6scht oder gesperrt, sobald der Zweck der Speicherung entf\u00e4llt. Eine Speicherung kann dar\u00fcber hinaus erfolgen, wenn dies durch den europ\u00e4ischen oder nationalen Gesetzgeber in unionsrechtlichen Verordnungen, Gesetzen oder sonstigen Vorschriften, denen der Verantwortliche unterliegt, vorgesehen wurde. Eine Sperrung oder L\u00f6schung der Daten erfolgt auch dann, wenn eine durch die genannten Normen vorgeschriebene Speicherfrist abl\u00e4uft, es sei denn, dass eine Erforderlichkeit zur weiteren Speicherung der Daten f\u00fcr einen Vertragsabschluss oder eine Vertragserf\u00fcllung besteht.<\/p>\n<ul>\n<li>Rechte der betroffenen Person<\/li>\n<\/ul>\n<p>Werden personenbezogene Daten von Ihnen verarbeitet, sind Sie Betroffener i.S.d. DSGVO und es stehen Ihnen folgende Rechte gegen\u00fcber dem Verantwortlichen zu:<\/p>\n<p>1. Auskunftsrecht<\/p>\n<p>Sie k\u00f6nnen von dem Verantwortlichen eine Best\u00e4tigung dar\u00fcber verlangen, ob personenbezogene Daten, die Sie betreffen, von ihm verarbeitet werden.<\/p>\n<p>Liegt eine solche Verarbeitung vor, k\u00f6nnen Sie von dem Verantwortlichen \u00fcber folgende Informationen Auskunft verlangen:<\/p>\n<ol style=\"list-style: upper-roman;\" start=\"1\">\n<li style=\"list-style-type: none;\">\n<ol style=\"list-style: upper-roman;\" start=\"1\">\n<li style=\"list-style-type: none;\">\n<ol start=\"1\">\n<li>die Zwecke, zu denen die personenbezogenen Daten verarbeitet werden;<\/li>\n<\/ol>\n<\/li>\n<li style=\"list-style-type: none;\">\n<ol start=\"2\">\n<li>die Kategorien von personenbezogenen Daten, welche verarbeitet werden;<\/li>\n<\/ol>\n<\/li>\n<li style=\"list-style-type: none;\">\n<ol start=\"3\">\n<li>die Empf\u00e4nger bzw. die Kategorien von Empf\u00e4ngern, gegen\u00fcber denen die Sie betreffenden personenbezogenen Daten offengelegt wurden oder noch offengelegt werden;<\/li>\n<\/ol>\n<\/li>\n<li style=\"list-style-type: none;\">\n<ol start=\"4\">\n<li>die geplante Dauer der Speicherung der Sie betreffenden personenbezogenen Daten oder, falls konkrete Angaben hierzu nicht m\u00f6glich sind, Kriterien f\u00fcr die Festlegung der Speicherdauer;<\/li>\n<\/ol>\n<\/li>\n<li style=\"list-style-type: none;\">\n<ol start=\"5\">\n<li>das Bestehen eines Rechts auf Berichtigung oder L\u00f6schung der Sie betreffenden personenbezogenen Daten, eines Rechts auf Einschr\u00e4nkung der Verarbeitung durch den Verantwortlichen oder eines Widerspruchsrechts gegen diese Verarbeitung;<\/li>\n<\/ol>\n<\/li>\n<li style=\"list-style-type: none;\">\n<ol start=\"6\">\n<li>das Bestehen eines Beschwerderechts bei einer Aufsichtsbeh\u00f6rde;<\/li>\n<\/ol>\n<\/li>\n<li style=\"list-style-type: none;\">\n<ol start=\"7\">\n<li>alle verf\u00fcgbaren Informationen \u00fcber die Herkunft der Daten, wenn die personenbezogenen Daten nicht bei der betroffenen Person erhoben werden;<\/li>\n<\/ol>\n<\/li>\n<li style=\"list-style-type: none;\">\n<ol start=\"8\">\n<li>das Bestehen einer automatisierten Entscheidungsfindung einschlie\u00dflich Profiling gem\u00e4\u00df Art. 22 Abs. 1 und 4 DSGVO und zumindest in diesen F\u00e4llen &#8211;<br \/>\naussagekr\u00e4ftige Informationen \u00fcber die involvierte Logik sowie die Tragweite und die angestrebten Auswirkungen einer derartigen Verarbeitung f\u00fcr die betroffene Person.<\/li>\n<\/ol>\n<\/li>\n<\/ol>\n<\/li>\n<\/ol>\n<p>Ihnen steht das Recht zu, Auskunft dar\u00fcber zu verlangen, ob die Sie betreffenden personenbezogenen Daten in ein Drittland oder an eine internationale Organisation \u00fcbermittelt werden. In diesem Zusammenhang k\u00f6nnen Sie verlangen, \u00fcber die geeigneten Garantien gem. Art. 46 DSGVO im Zusammenhang mit der \u00dcbermittlung unterrichtet zu werden.<\/p>\n<p>2. Recht auf Berichtigung<\/p>\n<p>Sie haben ein Recht auf Berichtigung und\/oder Vervollst\u00e4ndigung gegen\u00fcber dem Verantwortlichen, sofern die verarbeiteten personenbezogenen Daten, die Sie betreffen, unrichtig oder unvollst\u00e4ndig sind. Der Verantwortliche hat die Berichtigung unverz\u00fcglich vorzunehmen.<\/p>\n<p>3. Recht auf Einschr\u00e4nkung der Verarbeitung<\/p>\n<p>Unter den folgenden Voraussetzungen k\u00f6nnen Sie die Einschr\u00e4nkung der Verarbeitung der Sie betreffenden personenbezogenen Daten verlangen:<\/p>\n<ol style=\"list-style: upper-roman;\" start=\"1\">\n<li style=\"list-style-type: none;\">\n<ol style=\"list-style: upper-roman;\" start=\"1\">\n<li style=\"list-style-type: none;\">\n<ul>\n<li>wenn Sie die Richtigkeit der Sie betreffenden personenbezogenen Daten f\u00fcr eine Dauer bestreiten, die es dem Verantwortlichen erm\u00f6glicht, die Richtigkeit der personenbezogenen Daten zu \u00fcberpr\u00fcfen;<\/li>\n<\/ul>\n<\/li>\n<li style=\"list-style-type: none;\">\n<ul>\n<li>die Verarbeitung unrechtm\u00e4\u00dfig ist und Sie die L\u00f6schung der personenbezogenen Daten ablehnen und stattdessen die Einschr\u00e4nkung der Nutzung der personenbezogenen Daten verlangen;<\/li>\n<\/ul>\n<\/li>\n<li style=\"list-style-type: none;\">\n<ul>\n<li>der Verantwortliche die personenbezogenen Daten f\u00fcr die Zwecke der Verarbeitung nicht l\u00e4nger ben\u00f6tigt, Sie diese jedoch zur Geltendmachung, Aus\u00fcbung oder Verteidigung von Rechtsanspr\u00fcchen ben\u00f6tigen, oder<\/li>\n<\/ul>\n<\/li>\n<li style=\"list-style-type: none;\">\n<ul>\n<li>wenn Sie Widerspruch gegen die Verarbeitung gem\u00e4\u00df Art. 21 Abs. 1 DSGVO eingelegt haben und noch nicht feststeht, ob die berechtigten Gr\u00fcnde des Verantwortlichen gegen\u00fcber Ihren Gr\u00fcnden \u00fcberwiegen.<\/li>\n<\/ul>\n<\/li>\n<\/ol>\n<\/li>\n<\/ol>\n<p>Wurde die Verarbeitung der Sie betreffenden personenbezogenen Daten eingeschr\u00e4nkt, d\u00fcrfen diese Daten &#8211; von ihrer Speicherung abgesehen &#8211; nur mit Ihrer Einwilligung oder zur Geltendmachung, Aus\u00fcbung oder Verteidigung von Rechtsanspr\u00fcchen oder zum Schutz der Rechte einer anderen nat\u00fcrlichen oder juristischen Person oder aus Gr\u00fcnden eines wichtigen \u00f6ffentlichen Interesses der Union oder eines Mitgliedstaats verarbeitet werden.<\/p>\n<p>Wurde die Einschr\u00e4nkung der Verarbeitung nach den o.g. Voraussetzungen eingeschr\u00e4nkt, werden Sie von dem Verantwortlichen unterrichtet bevor die Einschr\u00e4nkung aufgehoben wird.<\/p>\n<p>4. Recht auf L\u00f6schung<\/p>\n<p>a) L\u00f6schungspflicht<\/p>\n<p>Sie k\u00f6nnen von dem Verantwortlichen verlangen, dass die Sie betreffenden personenbezogenen Daten unverz\u00fcglich gel\u00f6scht werden, und der Verantwortliche ist verpflichtet, diese Daten unverz\u00fcglich zu l\u00f6schen, sofern einer der folgenden Gr\u00fcnde zutrifft:<\/p>\n<ol style=\"list-style: upper-roman;\" start=\"1\">\n<li style=\"list-style-type: none;\">\n<ol style=\"list-style: upper-roman;\" start=\"1\">\n<li style=\"list-style-type: none;\">\n<ol start=\"1\">\n<li>Die Sie betreffenden personenbezogenen Daten sind f\u00fcr die Zwecke, f\u00fcr die sie erhoben oder auf sonstige Weise verarbeitet wurden, nicht mehr notwendig.<\/li>\n<\/ol>\n<\/li>\n<li style=\"list-style-type: none;\">\n<ol start=\"2\">\n<li>Sie widerrufen Ihre Einwilligung, auf die sich die Verarbeitung gem. Art. 6 Abs. 1 S. 1 lit. a oder Art. 9 Abs. 2 lit. a DSGVO st\u00fctzte, und es fehlt an einer anderweitigen Rechtsgrundlage f\u00fcr die Verarbeitung.<\/li>\n<\/ol>\n<\/li>\n<li style=\"list-style-type: none;\">\n<ol start=\"3\">\n<li>Sie legen gem. Art. 21 Abs. 1 DSGVO Widerspruch gegen die Verarbeitung ein und es liegen keine vorrangigen berechtigten Gr\u00fcnde f\u00fcr die Verarbeitung vor, oder Sie legen gem. Art. 21 Abs. 2 DSGVO Widerspruch gegen die Verarbeitung ein.<\/li>\n<\/ol>\n<\/li>\n<li style=\"list-style-type: none;\">\n<ol start=\"4\">\n<li>Die Sie betreffenden personenbezogenen Daten wurden unrechtm\u00e4\u00dfig verarbeitet.<\/li>\n<\/ol>\n<\/li>\n<li style=\"list-style-type: none;\">\n<ol start=\"5\">\n<li>Die L\u00f6schung der Sie betreffenden personenbezogenen Daten ist zur Erf\u00fcllung einer rechtlichen Verpflichtung nach dem Unionsrecht oder dem Recht der Mitgliedstaaten erforderlich, dem der Verantwortliche unterliegt.<\/li>\n<\/ol>\n<\/li>\n<li style=\"list-style-type: none;\">\n<ol start=\"6\">\n<li>Die Sie betreffenden personenbezogenen Daten wurden in Bezug auf angebotene Dienste der Informationsgesellschaft gem\u00e4\u00df Art. 8 Abs. 1 DSGVO erhoben.<\/li>\n<\/ol>\n<\/li>\n<\/ol>\n<\/li>\n<\/ol>\n<p>b) Informationen an Dritte<\/p>\n<p>Hat der Verantwortliche die Sie betreffenden personenbezogenen Daten \u00f6ffentlich gemacht und ist er gem. Art. 17 Abs. 1 DSGVO zu deren L\u00f6schung verpflichtet, so trifft er unter Ber\u00fccksichtigung der verf\u00fcgbaren Technologie und der Implementierungskosten angemessene Ma\u00dfnahmen, auch technischer Art, um f\u00fcr die Datenverarbeitung Verantwortliche, die die personenbezogenen Daten verarbeiten, dar\u00fcber zu informieren, dass Sie als betroffene Person von ihnen die L\u00f6schung aller Links zu diesen personenbezogenen Daten oder von Kopien oder Replikationen dieser personenbezogenen Daten verlangt haben.<\/p>\n<p>c) Ausnahmen<\/p>\n<p>Das Recht auf L\u00f6schung besteht nicht, soweit die Verarbeitung erforderlich ist<\/p>\n<ol style=\"list-style: upper-roman;\" start=\"1\">\n<li style=\"list-style-type: none;\">\n<ol style=\"list-style: upper-roman;\" start=\"1\">\n<li style=\"list-style-type: none;\">\n<ol start=\"1\">\n<li>zur Aus\u00fcbung des Rechts auf freie Meinungs\u00e4u\u00dferung und Information;<\/li>\n<\/ol>\n<\/li>\n<li style=\"list-style-type: none;\">\n<ol start=\"2\">\n<li>zur Erf\u00fcllung einer rechtlichen Verpflichtung, die die Verarbeitung nach dem Recht der Union oder der Mitgliedstaaten, dem der Verantwortliche unterliegt, erfordert, oder zur Wahrnehmung einer Aufgabe, die im \u00f6ffentlichen Interesse liegt oder in Aus\u00fcbung \u00f6ffentlicher Gewalt erfolgt, die dem Verantwortlichen \u00fcbertragen wurde;<\/li>\n<\/ol>\n<\/li>\n<li style=\"list-style-type: none;\">\n<ol start=\"3\">\n<li>aus Gr\u00fcnden des \u00f6ffentlichen Interesses im Bereich der \u00f6ffentlichen Gesundheit gem\u00e4\u00df Art. 9 Abs. 2 lit. h und i sowie Art. 9 Abs. 3 DSGVO;<\/li>\n<\/ol>\n<\/li>\n<li style=\"list-style-type: none;\">\n<ol start=\"4\">\n<li>f\u00fcr im \u00f6ffentlichen Interesse liegende Archivzwecke, wissenschaftliche oder historische Forschungszwecke oder f\u00fcr statistische Zwecke gem. Art. 89 Abs. 1 DSGVO, soweit das unter Abschnitt a) genannte Recht voraussichtlich die Verwirklichung der Ziele dieser Verarbeitung unm\u00f6glich macht oder ernsthaft beeintr\u00e4chtigt, oder<\/li>\n<\/ol>\n<\/li>\n<li style=\"list-style-type: none;\">\n<ol start=\"5\">\n<li>zur Geltendmachung, Aus\u00fcbung oder Verteidigung von Rechtsanspr\u00fcchen.<\/li>\n<\/ol>\n<\/li>\n<\/ol>\n<\/li>\n<\/ol>\n<p>5. Recht auf Unterrichtung<\/p>\n<p>Haben Sie das Recht auf Berichtigung, L\u00f6schung oder Einschr\u00e4nkung der Verarbeitung gegen\u00fcber dem Verantwortlichen geltend gemacht, ist dieser verpflichtet, allen<br \/>\nEmpf\u00e4ngern, denen die Sie betreffenden personenbezogenen Daten offengelegt wurden, diese Berichtigung oder L\u00f6schung der Daten oder Einschr\u00e4nkung der Verarbeitung mitzuteilen, es sei denn, dies erweist sich als unm\u00f6glich oder ist mit einem unverh\u00e4ltnism\u00e4\u00dfigen Aufwand verbunden.<\/p>\n<p>Ihnen steht gegen\u00fcber dem Verantwortlichen das Recht zu, \u00fcber diese Empf\u00e4nger unterrichtet zu werden.<\/p>\n<p>6. Recht auf Daten\u00fcbertragbarkeit<\/p>\n<p>Sie haben das Recht, die Sie betreffenden personenbezogenen Daten, die Sie dem Verantwortlichen bereitgestellt haben, in einem strukturierten, g\u00e4ngigen und maschinenlesbaren Format zu erhalten. Au\u00dferdem haben Sie das Recht diese Daten einem anderen Verantwortlichen ohne Behinderung durch den Verantwortlichen, dem die personenbezogenen Daten bereitgestellt wurden, zu \u00fcbermitteln, sofern<\/p>\n<ol style=\"list-style: upper-roman;\" start=\"1\">\n<li style=\"list-style-type: none;\">\n<ol style=\"list-style: upper-roman;\" start=\"1\">\n<li style=\"list-style-type: none;\">\n<ol start=\"1\">\n<li>die Verarbeitung auf einer Einwilligung gem. Art. 6 Abs. 1 S. 1 lit. a DSGVO oder Art. 9 Abs. 2 lit. a DSGVO oder auf einem Vertrag gem. Art. 6 Abs. 1 S. 1 lit. b DSGVO beruht und<\/li>\n<\/ol>\n<\/li>\n<li style=\"list-style-type: none;\">\n<ol start=\"2\">\n<li>die Verarbeitung mithilfe automatisierter Verfahren erfolgt.<\/li>\n<\/ol>\n<\/li>\n<\/ol>\n<\/li>\n<\/ol>\n<p>In Aus\u00fcbung dieses Rechts haben Sie ferner das Recht, zu erwirken, dass die Sie betreffenden personenbezogenen Daten direkt von einem Verantwortlichen einem anderen Verantwortlichen \u00fcbermittelt werden, soweit dies technisch machbar ist. Freiheiten und Rechte anderer Personen d\u00fcrfen hierdurch nicht beeintr\u00e4chtigt werden.<\/p>\n<p>Das Recht auf Daten\u00fcbertragbarkeit gilt nicht f\u00fcr eine Verarbeitung personenbezogener Daten, die f\u00fcr die Wahrnehmung einer Aufgabe erforderlich ist, die im \u00f6ffentlichen Interesse liegt oder in Aus\u00fcbung \u00f6ffentlicher Gewalt erfolgt, die dem Verantwortlichen \u00fcbertragen wurde.<\/p>\n<p>7. Widerspruchsrecht<\/p>\n<p>Sie haben das Recht, aus Gr\u00fcnden, die sich aus ihrer besonderen Situation ergeben, jederzeit gegen die Verarbeitung der Sie betreffenden personenbezogenen Daten, die aufgrund von Art. 6 Abs. 1 S. 1 lit. e oder f DSGVO erfolgt, Widerspruch einzulegen; dies gilt auch f\u00fcr ein auf diese Bestimmungen gest\u00fctztes Profiling.<\/p>\n<p>Der Verantwortliche verarbeitet die Sie betreffenden personenbezogenen Daten nicht mehr, es sei denn, er kann zwingende schutzw\u00fcrdige Gr\u00fcnde f\u00fcr die Verarbeitung nachweisen, die Ihre Interessen, Rechte und Freiheiten \u00fcberwiegen, oder die Verarbeitung dient der Geltendmachung, Aus\u00fcbung oder Verteidigung von Rechtsanspr\u00fcchen.<\/p>\n<p>Werden die Sie betreffenden personenbezogenen Daten verarbeitet, um Direktwerbung zu betreiben, haben Sie das Recht, jederzeit Widerspruch gegen die Verarbeitung der Sie betreffenden personenbezogenen Daten zum Zwecke derartiger Werbung einzulegen; dies gilt auch f\u00fcr das Profiling, soweit es mit solcher Direktwerbung in Verbindung steht.<\/p>\n<p>Widersprechen Sie der Verarbeitung f\u00fcr Zwecke der Direktwerbung, so werden die Sie betreffenden personenbezogenen Daten nicht mehr f\u00fcr diese Zwecke verarbeitet.<\/p>\n<p>Sie haben die M\u00f6glichkeit, im Zusammenhang mit der Nutzung von Diensten der Informationsgesellschaft &#8211; ungeachtet der Richtlinie 2002\/58\/EG &#8211; Ihr Widerspruchsrecht mittels automatisierter Verfahren auszu\u00fcben, bei denen technische Spezifikationen verwendet werden.<\/p>\n<p>8. Recht auf Widerruf der datenschutzrechtlichen Einwilligungserkl\u00e4rung<\/p>\n<p>Sie haben das Recht, Ihre datenschutzrechtliche Einwilligungserkl\u00e4rung jederzeit zu widerrufen. Durch den Widerruf der Einwilligung wird die Rechtm\u00e4\u00dfigkeit, der aufgrund der Einwilligung bis zum Widerruf erfolgten Verarbeitung nicht ber\u00fchrt.<\/p>\n<p>9. Automatisierte Entscheidung im Einzelfall einschlie\u00dflich Profiling<\/p>\n<p>Sie haben das Recht, nicht einer ausschlie\u00dflich auf einer automatisierten Verarbeitung &#8211; einschlie\u00dflich Profiling &#8211; beruhenden Entscheidung unterworfen zu werden, die Ihnen gegen\u00fcber rechtliche Wirkung entfaltet oder Sie in \u00e4hnlicher Weise erheblich beeintr\u00e4chtigt. Dies gilt nicht, wenn die Entscheidung<\/p>\n<ol style=\"list-style: upper-roman;\" start=\"1\">\n<li style=\"list-style-type: none;\">\n<ol style=\"list-style: upper-roman;\" start=\"1\">\n<li style=\"list-style-type: none;\">\n<ol start=\"1\">\n<li>f\u00fcr den Abschluss oder die Erf\u00fcllung eines Vertrags zwischen Ihnen und dem Verantwortlichen erforderlich ist,<\/li>\n<\/ol>\n<\/li>\n<li style=\"list-style-type: none;\">\n<ol start=\"2\">\n<li>aufgrund von Rechtsvorschriften der Union oder der Mitgliedstaaten, denen der Verantwortliche unterliegt, zul\u00e4ssig ist und diese Rechtsvorschriften angemessene Ma\u00dfnahmen zur Wahrung Ihrer Rechte und Freiheiten sowie Ihrer berechtigten Interessen enthalten oder<\/li>\n<\/ol>\n<\/li>\n<li style=\"list-style-type: none;\">\n<ol start=\"3\">\n<li>mit Ihrer ausdr\u00fccklichen Einwilligung erfolgt.<\/li>\n<\/ol>\n<\/li>\n<\/ol>\n<\/li>\n<\/ol>\n<p>Allerdings d\u00fcrfen diese Entscheidungen nicht auf besonderen Kategorien personenbezogener Daten nach Art. 9 Abs. 1 DSGVO beruhen, sofern nicht Art. 9 Abs. 2 lit. a oder g DSGVO gilt und angemessene Ma\u00dfnahmen zum Schutz der Rechte und Freiheiten sowie Ihrer berechtigten Interessen getroffen wurden.<\/p>\n<p>Hinsichtlich der in 1. und 3. genannten F\u00e4lle trifft der Verantwortliche angemessene Ma\u00dfnahmen, um die Rechte und Freiheiten sowie Ihre berechtigten Interessen zu wahren, wozu mindestens das Recht auf Erwirkung des Eingreifens einer Person seitens des Verantwortlichen, auf Darlegung des eigenen Standpunkts und auf Anfechtung der Entscheidung geh\u00f6rt.<\/p>\n<p>10. Recht auf Beschwerde bei einer Aufsichtsbeh\u00f6rde<\/p>\n<p>Unbeschadet eines anderweitigen verwaltungsrechtlichen oder gerichtlichen Rechtsbehelfs steht Ihnen das Recht auf Beschwerde bei einer Aufsichtsbeh\u00f6rde, insbesondere in dem Mitgliedstaat ihres Aufenthaltsorts, ihres Arbeitsplatzes oder des Orts des mutma\u00dflichen Versto\u00dfes, zu, wenn Sie der Ansicht sind, dass die Verarbeitung der Sie betreffenden personenbezogenen Daten gegen die DSGVO verst\u00f6\u00dft.<\/p>\n<p>Die Aufsichtsbeh\u00f6rde, bei der die Beschwerde eingereicht wurde, unterrichtet den Beschwerdef\u00fchrer \u00fcber den Stand und die Ergebnisse der Beschwerde einschlie\u00dflich der M\u00f6glichkeit eines gerichtlichen Rechtsbehelfs nach Art. 78 DSGVO.<\/p>\n<ul>\n<li>Bereitstellung der Webseite und Erstellung der Logfiles<\/li>\n<\/ul>\n<p>1. Beschreibung und Umfang der Datenverarbeitung<\/p>\n<p>Bei jedem Aufruf unserer Internetseite erfasst unser System automatisiert Daten und Informationen vom Computersystem des aufrufenden Rechners.<\/p>\n<p>Folgende Daten werden hierbei erhoben:<\/p>\n<ol style=\"list-style: upper-roman;\" start=\"1\">\n<li style=\"list-style-type: none;\">\n<ol style=\"list-style: upper-roman;\" start=\"1\">\n<li style=\"list-style-type: none;\">\n<ul>\n<li>Informationen \u00fcber den Browsertyp und die verwendete Version<\/li>\n<\/ul>\n<\/li>\n<li style=\"list-style-type: none;\">\n<ul>\n<li>Das Betriebssystem des Nutzers<\/li>\n<\/ul>\n<\/li>\n<li style=\"list-style-type: none;\">\n<ul>\n<li>Den Internet-Service-Provider des Nutzers<\/li>\n<\/ul>\n<\/li>\n<li style=\"list-style-type: none;\">\n<ul>\n<li>Die IP-Adresse des Nutzers<\/li>\n<\/ul>\n<\/li>\n<li style=\"list-style-type: none;\">\n<ul>\n<li>Datum und Uhrzeit des Zugriffs<\/li>\n<\/ul>\n<\/li>\n<li style=\"list-style-type: none;\">\n<ul>\n<li>Webseiten, von denen das System des Nutzers auf unsere Internetseite gelangt<\/li>\n<\/ul>\n<\/li>\n<li style=\"list-style-type: none;\">\n<ul>\n<li>Webseiten, die vom System des Nutzers \u00fcber unsere Webseite aufgerufen werden<\/li>\n<\/ul>\n<\/li>\n<li style=\"list-style-type: none;\">\n<ul>\n<li>Sonstige \u00e4hnliche Daten und Informationen, die der Gefahrenabwehr im Falle von Angriffen auf unsere informationstechnologischen Systeme dienen<\/li>\n<\/ul>\n<\/li>\n<\/ol>\n<\/li>\n<\/ol>\n<p>Diese Daten werden in den Logfiles unseres Systems gespeichert. Eine Speicherung dieser Daten zusammen mit anderen personenbezogenen Daten des Nutzers findet nicht statt.<\/p>\n<p>2. Zweck der Datenverarbeitung<\/p>\n<p>Die vor\u00fcbergehende Speicherung der IP-Adresse durch das System ist notwendig, um eine Auslieferung der Webseite an den Rechner des Nutzers zu erm\u00f6glichen. Hierf\u00fcr muss die IP-Adresse des Nutzers f\u00fcr die Dauer der Sitzung gespeichert bleiben.<\/p>\n<p>Die Speicherung in Logfiles erfolgt, um die Funktionsf\u00e4higkeit der Webseite sicherzustellen. Zudem dienen uns die Daten zur Optimierung der Webseite und zur Sicherstellung der Sicherheit unserer informationstechnischen Systeme. Eine Auswertung der Daten zu Marketingzwecken findet in diesem Zusammenhang nicht statt.<\/p>\n<p>In diesen Zwecken liegt auch unser berechtigtes Interesse an der Datenverarbeitung nach Art. 6 Abs. 1 S. 1 lit. f DSGVO.<\/p>\n<p>3. Rechtsgrundlage f\u00fcr die Datenverarbeitung<\/p>\n<p>Rechtsgrundlage f\u00fcr die vor\u00fcbergehende Speicherung der Daten und der Logfiles ist Art. 6 Abs. 1 S. 1 lit. f DSGVO.<\/p>\n<p>4. Dauer der Speicherung<\/p>\n<p>Die Daten werden gel\u00f6scht, sobald sie f\u00fcr die Erreichung des Zweckes ihrer Erhebung nicht mehr erforderlich sind. Im Falle der Erfassung der Daten zur Bereitstellung der Webseite ist dies der Fall, wenn die jeweilige Sitzung beendet ist.<\/p>\n<p>Im Falle der Speicherung der Daten in Logfiles ist dies nach sp\u00e4testens sieben Tagen der Fall. Eine dar\u00fcberhinausgehende Speicherung ist m\u00f6glich. In diesem Fall werden die IP-Adressen der Nutzer gel\u00f6scht oder verfremdet, sodass eine Zuordnung des aufrufenden Clients nicht mehr m\u00f6glich ist.<\/p>\n<p>5. Widerspruchs- und Beseitigungsm\u00f6glichkeit<\/p>\n<p>Die Erfassung der Daten zur Bereitstellung der Webseite und die Speicherung der Daten in Logfiles ist f\u00fcr den Betrieb der Internetseite zwingend erforderlich. Es besteht folglich seitens des Nutzers keine Widerspruchsm\u00f6glichkeit.<\/p>\n<ul>\n<li>Verwendung von Cookies<\/li>\n<\/ul>\n<p>1. Beschreibung und Umfang der Datenverarbeitung<\/p>\n<p>Unsere Webseite verwendet Cookies. Bei Cookies handelt es sich um Textdateien, die im Internetbrowser bzw. vom Internetbrowser auf dem Computersystem des Nutzers gespeichert werden. Ruft ein Nutzer eine Webseite auf, so kann ein Cookie auf dem Betriebssystem des Nutzers gespeichert werden. Dieser Cookie enth\u00e4lt eine charakteristische Zeichenfolge, die eine eindeutige Identifizierung des Browsers beim erneuten Aufrufen der Webseite erm\u00f6glicht.<\/p>\n<p>Wir setzen Cookies ein, um unsere Webseite nutzerfreundlicher zu gestalten. Einige Elemente unserer Internetseite erfordern es, dass der aufrufende Browser auch nach einem Seitenwechsel identifiziert werden kann.<\/p>\n<p>In das Cookies werden dabei folgende Daten gespeichert und \u00fcbermittelt:<\/p>\n<ol style=\"list-style: upper-roman;\" start=\"1\">\n<li style=\"list-style-type: none;\">\n<ol style=\"list-style: upper-roman;\" start=\"1\">\n<li style=\"list-style-type: none;\">\n<ul>\n<li>Spracheinstellungen<\/li>\n<\/ul>\n<\/li>\n<\/ol>\n<\/li>\n<\/ol>\n<p>Wir verwenden auf unserer Webseite dar\u00fcber hinaus Cookies, die eine Analyse des Surfverhaltens der Nutzer erm\u00f6glichen.<\/p>\n<p>Auf diese Weise k\u00f6nnen folgende Daten \u00fcbermittelt werden:<\/p>\n<ol style=\"list-style: upper-roman;\" start=\"1\">\n<li style=\"list-style-type: none;\">\n<ol style=\"list-style: upper-roman;\" start=\"1\">\n<li style=\"list-style-type: none;\">\n<ul>\n<li>H\u00e4ufigkeit von Seitenaufrufen<\/li>\n<\/ul>\n<\/li>\n<li style=\"list-style-type: none;\">\n<ul>\n<li>Inanspruchnahme von Webseite-Funktionen<\/li>\n<\/ul>\n<\/li>\n<\/ol>\n<\/li>\n<\/ol>\n<p>Die auf diese Weise erhobenen Daten der Nutzer werden durch technische Vorkehrungen pseudonymisiert. Daher ist eine Zuordnung der Daten zum aufrufenden Nutzer nicht mehr m\u00f6glich. Die Daten werden nicht gemeinsam mit sonstigen personenbezogenen Daten der Nutzer gespeichert.<\/p>\n<p>Beim Aufruf unserer Webseite werden die Nutzer durch einen Infobanner \u00fcber die Verwendung von Cookies zu Analysezwecken informiert und auf diese Datenschutzerkl\u00e4rung verwiesen. Es erfolgt in diesem Zusammenhang auch ein Hinweis darauf, wie die Speicherung von Cookies in den Browsereinstellungen unterbunden werden kann.<\/p>\n<p>Beim Aufruf unserer Webseite wird der Nutzer \u00fcber die Verwendung von Cookies zu Analysezwecken informiert und seine Einwilligung zur Verarbeitung der in diesem Zusammenhang verwendeten personenbezogenen Daten eingeholt. In diesem Zusammenhang erfolgt auch ein Hinweis auf diese Datenschutzerkl\u00e4rung.<\/p>\n<p>2. Zweck der Datenverarbeitung<\/p>\n<p>Der Zweck der Verwendung technisch notwendiger Cookies ist, die Nutzung von Webseiten f\u00fcr die Nutzer zu vereinfachen. Einige Funktionen unserer Internetseite k\u00f6nnen ohne den Einsatz von Cookies nicht angeboten werden. F\u00fcr diese ist es erforderlich, dass der Browser auch nach einem Seitenwechsel wiedererkannt wird.<\/p>\n<p>F\u00fcr folgende Anwendungen ben\u00f6tigen wir Cookies:<\/p>\n<ol style=\"list-style: upper-roman;\" start=\"1\">\n<li style=\"list-style-type: none;\">\n<ol style=\"list-style: upper-roman;\" start=\"1\">\n<li style=\"list-style-type: none;\">\n<ul>\n<li>\u00dcbernahme von Spracheinstellungen<\/li>\n<\/ul>\n<\/li>\n<\/ol>\n<\/li>\n<\/ol>\n<p>Die durch technisch notwendige Cookies erhobenen Nutzerdaten werden nicht zur Erstellung von Nutzerprofilen verwendet.<\/p>\n<p>Die Verwendung der Analyse-Cookies erfolgt zu dem Zweck, die Qualit\u00e4t unserer Webseite und ihre Inhalte zu verbessern. Durch die Analyse-Cookies erfahren wir, wie die Webseite genutzt wird und k\u00f6nnen so unser Angebot stetig optimieren.<\/p>\n<p>In diesen Zwecken liegt auch unser berechtigtes Interesse in der Verarbeitung der personenbezogenen Daten nach Art. 6 Abs. 1 S. 1 lit. f DSGVO.<\/p>\n<p>3. Rechtsgrundlage f\u00fcr die Datenverarbeitung<\/p>\n<p>Die Rechtsgrundlage f\u00fcr die Verarbeitung personenbezogener Daten unter Verwendung technisch notweniger Cookies ist Art. 6 Abs. 1 S. 1 lit. f DSGVO.<\/p>\n<p>Die Rechtsgrundlage f\u00fcr die Verarbeitung personenbezogener Daten unter Verwendung von Cookies zu Analysezwecken ist bei Vorliegen einer diesbez\u00fcglichen Einwilligung des Nutzers Art. 6 Abs. 1 S. 1 lit. a DSGVO.<\/p>\n<p>4. Dauer der Speicherung, Widerspruchs- und Beseitigungsm\u00f6glichkeit<\/p>\n<p>Cookies werden auf dem Rechner des Nutzers gespeichert und von diesem an unserer Seite \u00fcbermittelt. Daher haben Sie als Nutzer auch die volle Kontrolle \u00fcber die Verwendung von Cookies. Durch eine \u00c4nderung der Einstellungen in Ihrem Internetbrowser<br \/>\nk\u00f6nnen Sie die \u00dcbertragung von Cookies deaktivieren oder einschr\u00e4nken. Bereits gespeicherte Cookies k\u00f6nnen jederzeit gel\u00f6scht werden. Dies kann auch automatisiert erfolgen. Werdas Cookies f\u00fcr unsere Webseite deaktiviert, k\u00f6nnen m\u00f6glicherweise nicht mehr alle Funktionen der Webseite vollumf\u00e4nglich genutzt werden.<\/p>\n<ul>\n<li>Email-Kontakt<\/li>\n<\/ul>\n<p>1. Beschreibung und Umfang der Datenverarbeitung<\/p>\n<p>Auf unserer Internetseite ist eine Kontaktaufnahme \u00fcber die bereitgestellte Emailadresse m\u00f6glich. In diesem Fall werden die mit der Email \u00fcbermittelten personenbezogenen Daten des Nutzers gespeichert.<\/p>\n<p>Es erfolgt in diesem Zusammenhang keine Weitergabe der Daten an Dritte. Die Daten werden ausschlie\u00dflich f\u00fcr die Verarbeitung der Konversation verwendet.<\/p>\n<p>2. Zweck der Datenverarbeitung<\/p>\n<p>Im Falle einer Kontaktaufnahme per Email liegt hieran auch das erforderliche berechtigte Interesse an der Verarbeitung der Daten.<\/p>\n<p>3. Rechtsgrundlage f\u00fcr die Datenverarbeitung<\/p>\n<p>Rechtsgrundlage f\u00fcr die Verarbeitung der Daten ist bei Vorliegen einer Einwilligung des Nutzers Art. 6 Abs. 1 lit. a DSGVO.<\/p>\n<p>Rechtsgrundlage f\u00fcr die Verarbeitung der Daten, die im Zuge einer \u00dcbersendung einer Email \u00fcbermittelt werden, ist Art. 6 Abs. 1 lit. f DSGVO. Zielt der Email-Kontakt auf den Abschluss eines Vertrages ab, so ist zus\u00e4tzliche Rechtsgrundlage f\u00fcr die Verarbeitung Art. 6 Abs. 1 lit. b DSGVO.<\/p>\n<p>4. Dauer der Speicherung<\/p>\n<p>Die Daten werden gel\u00f6scht, sobald sie f\u00fcr die Erreichung des Zweckes ihrer Erhebung nicht mehr erforderlich sind. F\u00fcr die personenbezogenen Daten, die per Email \u00fcbersandt wurden, ist dies dann der Fall, wenn die jeweilige Konversation mit dem Nutzer beendet ist. Beendet ist die Konversation dann, wenn sich aus den Umst\u00e4nden entnehmen l\u00e4sst, dass der betroffene Sachverhalt abschlie\u00dfend gekl\u00e4rt ist.<\/p>\n<p>Die w\u00e4hrend des Absendevorgangs zus\u00e4tzlich erhobenen personenbezogenen Daten werden sp\u00e4testens nach einer Frist von sieben Tagen gel\u00f6scht.<\/p>\n<p>5. Widerspruchs- und Beseitigungsm\u00f6glichkeit<\/p>\n<p>Der Nutzer hat jederzeit die M\u00f6glichkeit, seine Einwilligung zur Verarbeitung der personenbezogenen Daten zu widerrufen. Nimmt der Nutzer per Email Kontakt mit uns auf, so kann er der Speicherung seiner personenbezogenen Daten jederzeit widersprechen. In einem solchen Fall kann die Konversation nicht fortgef\u00fchrt werden.<\/p>\n<p>BItte schicken Sie uns dazu eine formlose Email an: info@ivostud.com<\/p>\n<p>Alle personenbezogenen Daten, die im Zuge der Kontaktaufnahme gespeichert wurden, werden in diesem Fall gel\u00f6scht.<\/p>\n<ul>\n<li>Kontaktformular<\/li>\n<\/ul>\n<p>1. Beschreibung und Umfang der Datenverarbeitung<\/p>\n<p>Auf unserer Internetseite ist ein Kontaktformular vorhanden, welches f\u00fcr die elektronische Kontaktaufnahme genutzt werden kann. Nimmt ein Nutzer diese M\u00f6glichkeit wahr, so werden die in der Eingabemaske eingegeben Daten an uns \u00fcbermittelt und gespeichert.<\/p>\n<p>Im Zeitpunkt der Absendung der Nachricht werden zudem folgende Daten gespeichert:<\/p>\n<ol style=\"list-style: upper-roman;\" start=\"1\">\n<li style=\"list-style-type: none;\">\n<ol style=\"list-style: upper-roman;\" start=\"1\">\n<li style=\"list-style-type: none;\">\n<ul>\n<li>Emailadresse<\/li>\n<\/ul>\n<\/li>\n<li style=\"list-style-type: none;\">\n<ul>\n<li>Name<\/li>\n<\/ul>\n<\/li>\n<li style=\"list-style-type: none;\">\n<ul>\n<li>IP &#8211; Adresse des aufrufenden Rechners<\/li>\n<\/ul>\n<\/li>\n<li style=\"list-style-type: none;\">\n<ul>\n<li>Datum und Uhrzeit der Kontaktaufnahme<\/li>\n<\/ul>\n<\/li>\n<\/ol>\n<\/li>\n<\/ol>\n<p>F\u00fcr die Verarbeitung der Daten wird im Rahmen des Absendevorgangs Ihre Einwilligung eingeholt und auf diese Datenschutzerkl\u00e4rung verwiesen.<\/p>\n<p>Alternativ ist eine Kontaktaufnahme \u00fcber die bereitgestellte Emailadresse m\u00f6glich. In diesem Fall werden die mit der Email \u00fcbermittelten personenbezogenen Daten des Nutzers gespeichert.<\/p>\n<p>Es erfolgt in diesem Zusammenhang keine Weitergabe der Daten an Dritte. Die Daten werden ausschlie\u00dflich f\u00fcr die Verarbeitung der Konversation verwendet.<\/p>\n<p>2. Zweck der Datenverarbeitung<\/p>\n<p>Die Verarbeitung der personenbezogenen Daten aus der Eingabemaske dient uns allein zur Bearbeitung der Kontaktaufnahme. Im Falle einer Kontaktaufnahme per Email liegt hieran auch das erforderliche berechtigte Interesse an der Verarbeitung der Daten.<\/p>\n<p>Die sonstigen w\u00e4hrend des Absendevorgangs verarbeiteten personenbezogenen Daten dienen dazu, einen Missbrauch des Kontaktformulars zu verhindern und die Sicherheit unserer informationstechnischen Systeme sicherzustellen.<\/p>\n<p>3. Rechtsgrundlage f\u00fcr die Datenverarbeitung<\/p>\n<p>Rechtsgrundlage f\u00fcr die Verarbeitung der Daten ist bei Vorliegen einer Einwilligung des Nutzers Art. 6 Abs. 1 S. 1 lit. a DSGVO.<\/p>\n<p>Rechtsgrundlage f\u00fcr die Verarbeitung der Daten, die im Zuge einer \u00dcbersendung einer Email \u00fcbermittelt werden, ist Art. 6 Abs. 1 S. 1 lit. f DSGVO. Zielt der Email-Kontakt auf den Abschluss eines Vertrages ab, so ist zus\u00e4tzliche Rechtsgrundlage f\u00fcr die Verarbeitung Art. 6 Abs. 1 S. 1 lit. b DSGVO.<\/p>\n<p>4. Dauer der Speicherung<\/p>\n<p>Die Daten werden gel\u00f6scht, sobald sie f\u00fcr die Erreichung des Zweckes ihrer Erhebung nicht mehr erforderlich sind. F\u00fcr die personenbezogenen Daten aus der Eingabemaske des Kontaktformulars und diejenigen, die per Email \u00fcbersandt wurden, ist dies dann der Fall, wenn die jeweilige Konversation mit dem Nutzer beendet ist. Beendet ist die Konversation dann, wenn sich aus den Umst\u00e4nden entnehmen l\u00e4sst, dass der betroffene Sachverhalt abschlie\u00dfend gekl\u00e4rt ist.<\/p>\n<p>Die w\u00e4hrend des Absendevorgangs zus\u00e4tzlich erhobenen personenbezogenen Daten werden sp\u00e4testens nach einer Frist von sieben Tagen gel\u00f6scht.<\/p>\n<p>5. Widerspruchs- und Beseitigungsm\u00f6glichkeit<\/p>\n<p>Der Nutzer hat jederzeit die M\u00f6glichkeit, seine Einwilligung zur Verarbeitung der personenbezogenen Daten zu widerrufen. Nimmt der Nutzer per Email Kontakt mit uns auf, so kann er der Speicherung seiner personenbezogenen Daten jederzeit widersprechen. In einem solchen Fall kann die Konversation nicht fortgef\u00fchrt werden.<\/p>\n<p>Bitte schicken Sie uns dazu eine formlose Email an: info@ivostud.com<\/p>\n<p>Alle personenbezogenen Daten, die im Zuge der Kontaktaufnahme gespeichert wurden, werden in diesem Fall gel\u00f6scht.<\/p>\n<ul>\n<li>Hosting<\/li>\n<\/ul>\n<p>Die Webseite wird auf eigenen Servern gehostet. Dritte erhalten auf Server-Log-Dateien keinen Zugriff.<\/p>\n<p>Die Server erheben und speichern automatisch Informationen in so genannten Server-Log-Dateien, die Ihr Browser beim Besuch der Webseite automatisch \u00fcbermittelt. Die gespeicherten Informationen sind:<\/p>\n<ol style=\"list-style: upper-roman;\" start=\"1\">\n<li style=\"list-style-type: none;\">\n<ol style=\"list-style: upper-roman;\" start=\"1\">\n<li style=\"list-style-type: none;\">\n<ul>\n<li>Browsertyp und Browserversion<\/li>\n<\/ul>\n<\/li>\n<li style=\"list-style-type: none;\">\n<ul>\n<li>verwendetes Betriebssystem<\/li>\n<\/ul>\n<\/li>\n<li style=\"list-style-type: none;\">\n<ul>\n<li>Referrer URL<\/li>\n<\/ul>\n<\/li>\n<li style=\"list-style-type: none;\">\n<ul>\n<li>Hostname des zugreifenden Rechners<\/li>\n<\/ul>\n<\/li>\n<li style=\"list-style-type: none;\">\n<ul>\n<li>Uhrzeit der Serveranfrage<\/li>\n<\/ul>\n<\/li>\n<li style=\"list-style-type: none;\">\n<ul>\n<li>IP-Adresse<\/li>\n<\/ul>\n<\/li>\n<\/ol>\n<\/li>\n<\/ol>\n<p>Eine Zusammenf\u00fchrung dieser Daten mit anderen Datenquellen wird nicht vorgenommen. Die Erfassung dieser Daten erfolgt auf Grundlage von Art. 6 Abs. 1 lit. f DSGVO. Der Webseitebetreiber hat ein berechtigtes Interesse an der technisch fehlerfreien Darstellung und der Optimierung seiner Webseite \u2013 hierzu m\u00fcssen die Server-Log-Files erfasst werden.<\/p>\n<p>Der Standort des Servers der Webseite liegt geografisch in Deutschland.<\/p>\n<ul>\n<li>Verwendete Plugins<\/li>\n<\/ul>\n<p>Wir nutzen zu verschiedenen Zwecken Plugins. Die verwendeten Plugins sind im Folgenden aufgef\u00fchrt:<\/p>\n<p>Einsatz von Google Maps<\/p>\n<p>1. Umfang der Verarbeitung personenbezogener Daten<\/p>\n<p>Wir nutzen den Onlinekartendienst Google Maps der Google Ireland Ltd., Gordon House, Barrow Street, D04 E5W5, Dublin, Irland (Nachfolgend: Google genannt). Wir nutzen das Plugin von Google Maps um geographische Daten visuell darstellen un auf unserer Webseite einbetten zu k\u00f6nnen. Durch die Nutzung von Google Maps auf unserer Webseite werden Informationen \u00fcber die Nutzung unserer Webseite, Ihre IP-Adresse und bei der Routenplanfunktion eingegebene Adressen an einen Google-Server in den USA \u00fcbermittelt und dort gespeichert.<br \/>\nWeitere Informationen zur Erhebung und Speicherung der Daten durch Google erhalten Sie hier:<br \/>\n<a href=\"https:\/\/policies.google.com\/privacy?gl=DE&amp;hl=de\">https:\/\/policies.google.com\/privacy?gl=DE&amp;hl=de<\/a><\/p>\n<p>2. Zweck der Datenverarbeitung<\/p>\n<p>Die Verwendung des Google Maps-PlugIns dient der Verbesserung der Nutzerfreundlichkeit und einer ansprechenden Darstellung unserer Webseite.<\/p>\n<p>3. Rechtsgrundlage f\u00fcr die Verarbeitung personenbezogener Daten<\/p>\n<p>Die Rechtsgrundlage f\u00fcr die Verarbeitung ist Art.6 Abs.1 S.1 lit. f DSGVO.<\/p>\n<p>4. Dauer der Speicherung<\/p>\n<p>Ihre pers\u00f6nlichen Informationen werden solange gespeichert, wie dies erforderlich ist, um die in dieser Datenschutzerkl\u00e4rung beschriebenen Zwecke zu erf\u00fcllen oder wie dies gesetzlich vorgeschrieben ist.<\/p>\n<p>5. Widerspruchs- und Beseitigungsm\u00f6glichkeit<\/p>\n<p>Sie k\u00f6nnen die Erfassung sowie die Verarbeitung Ihrer personenbezogenen Daten durch Google verhindern, indem Sie die Speicherung von Cookies von Drittanbietern auf Ihrem Computer unterbinden, die &#8220;Do Not Track&#8221;-Funktion eines unterst\u00fctzenden Browsers nutzen, die Ausf\u00fchrung von Script-Code in Ihrem Browser deaktivieren oder einen Script-Blocker wie z.B. NoScript (<a href=\"www.noscript.net\">www.noscript.net<\/a>) oder Ghostery (<a href=\"www.ghostery.com\">www.ghostery.com<\/a>) in Ihrem Browser installieren.<br \/>\nMit dem nachfolgendem Link k\u00f6nnen Sie die Nutzung Ihrer personenbezogenen Daten durch Google deaktivieren:<br \/>\n<a href=\"https:\/\/adssettings.google.de\">https:\/\/adssettings.google.de<\/a><br \/>\nWeitere Informationen zu Widerspruchs- und Beseitigungsm\u00f6glichkeiten gegen\u00fcber Google finden Sie unter:<br \/>\n<a href=\"https:\/\/policies.google.com\/privacy?gl=DE&amp;hl=de\">https:\/\/policies.google.com\/privacy?gl=DE&amp;hl=de<\/a><br \/>\nZudem hat Google sich dem zwischen der Europ\u00e4ischen Union und den USA geschlossenen Privacy-Shield-Abkommen unterworfen und sich zertifiziert. Dadurch verpflichtet sich Google, die Standards und Vorschriften des europ\u00e4ischen Datenschutzrechts einzuhalten. N\u00e4here Informationen k\u00f6nnen Sie dem nachfolgend verlinkten Eintrag entnehmen: <a href=\"https:\/\/www.privacyshield.gov\/participant?id=a2zt000000001L5AAI&amp;status=Active\">https:\/\/www.privacyshield.gov\/participant?id=a2zt000000001L5AAI&amp;status=Active<\/a><\/p>\n<p>Einsatz von Google Webfonts<\/p>\n<p>1. Umfang der Verarbeitung personenbezogener Daten<\/p>\n<p>Wir nutzen Google Webfonts der Google Ireland Ltd., Gordon House, Barrow Street, D04 E5W5, Dublin, Irland (nachfolgend: Google genannt). Die Webfonts werden dabei beim Aufruf der Seite in den Cache des Browsers \u00fcbertragen, um sie f\u00fcr die optisch verbesserten Darstellung verschiedener Informationen nutzen zu k\u00f6nnen. Falls der Browser die Google Webfonts nicht unterst\u00fctzt oder den Zugriff unterbindet, wird der Text in einer Standardschrift angezeigt. Beim Aufruf der Seite werden beim Webseite-Besucher keine Cookies gespeichert. Daten, die im Zusammenhang mit dem Seitenaufruf \u00fcbermittelt werden, werden auf ressourcenspezifische Domains wie <a href=\"fonts.googleapis.com\">fonts.googleapis.com<\/a> oder <a href=\"fonts.gstatic.com\">fonts.gstatic.com<\/a> gesendet. Es k\u00f6nnen dadurch personenbezogene Daten gespeichert und ausgewertet werden, vor allem die Aktivit\u00e4t des Nutzers (Insbesondere welche Seiten besucht worden sind und auf welche Elemente geklickt worden ist) und Ger\u00e4te- und Browserinformationen (Insbesondere die IP-Adresse und das Betriebssystem). Sie werden nicht mit Daten in Verbindung gebracht, die ggf. im Zusammenhang mit der parallelen Nutzung von authentifizierten Google-Diensten wie Gmail erhoben oder genutzt werden.<br \/>\nWeitere Informationen zur Erhebung und Speicherung der Daten durch Google erhalten Sie hier:<br \/>\n<a href=\"https:\/\/policies.google.com\/privacy?gl=DE&amp;hl=de\">https:\/\/policies.google.com\/privacy?gl=DE&amp;hl=de<\/a><\/p>\n<p>2. Zweck der Datenverarbeitung<\/p>\n<p>Der Einsatz von Google Webfonts dient einer ansprechenden Darstellung unserer Texte. Wenn ihr Browser diese Funktion nicht unterst\u00fctzt, wird eine Standardschrift von ihrem Computer zur Anzeige genutzt.<\/p>\n<p>3. Rechtsgrundlage f\u00fcr die Verarbeitung personenbezogener Daten<\/p>\n<p>Rechtsgrundlage f\u00fcr die Datenverarbeitung ist Art.\u00a06\u00a0Abs.1\u00a0lit.\u00a0f\u00a0DSGVO.<\/p>\n<p>4. Dauer der Speicherung<\/p>\n<p>Ihre pers\u00f6nlichen Informationen werden solange gespeichert, wie dies erforderlich ist, um die in dieser Datenschutzerkl\u00e4rung beschriebenen Zwecke zu erf\u00fcllen oder wie dies gesetzlich vorgeschrieben ist, z.B. f\u00fcr Steuer- und Buchhaltungszwecke.<\/p>\n<p>5. Widerspruchs- und Beseitigungsm\u00f6glichkeit<\/p>\n<p>Sie k\u00f6nnen die Erfassung sowie die Verarbeitung Ihrer personenbezogenen Daten durch Google verhindern, indem Sie die Speicherung von Cookies von Drittanbietern auf Ihrem Computer unterbinden, die &#8220;Do Not Track&#8221;-Funktion eines unterst\u00fctzenden Browsers nutzen, die Ausf\u00fchrung von Script-Code in Ihrem Browser deaktivieren oder einen Script-Blocker wie z.B. NoScript (<a href=\"www.noscript.net\">www.noscript.net<\/a>) oder Ghostery (<a href=\"www.ghostery.com\">www.ghostery.com<\/a>) in Ihrem Browser installieren.<br \/>\nMit dem nachfolgendem Link k\u00f6nnen Sie die Nutzung Ihrer personenbezogenen Daten durch Google deaktivieren:<br \/>\n<a href=\"https:\/\/adssettings.google.de\">https:\/\/adssettings.google.de<\/a><br \/>\nWeitere Informationen zu Widerspruchs- und Beseitigungsm\u00f6glichkeiten gegen\u00fcber Google finden Sie unter:<br \/>\n<a href=\"https:\/\/policies.google.com\/privacy?gl=DE&amp;hl=de\">https:\/\/policies.google.com\/privacy?gl=DE&amp;hl=de<\/a><br \/>\nZudem hat Google sich dem zwischen der Europ\u00e4ischen Union und den USA geschlossenen Privacy-Shield-Abkommen unterworfen und sich zertifiziert. Dadurch verpflichtet sich Google, die Standards und Vorschriften des europ\u00e4ischen Datenschutzrechts einzuhalten. N\u00e4here Informationen k\u00f6nnen Sie dem nachfolgend verlinkten Eintrag entnehmen: <a href=\"https:\/\/www.privacyshield.gov\/participant?id=a2zt000000001L5AAI&amp;status=Active\">https:\/\/www.privacyshield.gov\/participant?id=a2zt000000001L5AAI&amp;status=Active<\/a><\/p>\n<p>Einsatz von WPML<\/p>\n<p>1. Umfang der Verarbeitung personenbezogener Daten<\/p>\n<p>Wir nutzen WPML der OnTheGoSystems Limited, 22\/F 3 Lockhart Road, Wanchai, Hong Kong (Nachfolgend: WPML genannt). WPML ist ein Mehrsprachen-Plugin f\u00fcr WordPress. Wir nutzen WPML um unsere Webseite in verschiedenen Sprachen darstellen zu k\u00f6nnen. Wenn Sie unsere Webseite besuchen wird durch WPML ein Cookie auf Ihrem Endger\u00e4t gespeichert um die von Ihnen gew\u00e4hlte Spracheinstellung zu speichern. Es k\u00f6nnen dadurch personenbezogene Daten gespeichert und ausgewertet werden, vor allem die Aktivit\u00e4t des Nutzers (Insbesondere welche Seiten besucht worden sind und auf welche Elemente geklickt worden ist) sowie Ger\u00e4te- und Browserinformationen (Insbesondere die IP-Adresse und das Betriebssystem).<br \/>\nWeitere Informationen zur Erhebung und Speicherung der Daten durch WPML erhalten Sie hier:<br \/>\n<a href=\"https:\/\/wpml.org\/documentation\/privacy-policy-and-gdpr-compliance\">https:\/\/wpml.org\/documentation\/privacy-policy-and-gdpr-compliance<\/a><\/p>\n<p>Zweck der Datenverarbeitung personenbezogener Daten<\/p>\n<p>Die Nutzung von WPML dient dazu unsere Webseite mehrsprachig darstellen zu k\u00f6nnen.<\/p>\n<p>3. Rechtsgrundlage f\u00fcr die Verarbeitung personenbezogener Daten<\/p>\n<p>Rechtsgrundlage f\u00fcr die Datenverarbeitung ist Art.\u00a06\u00a0Abs.1\u00a0S.1\u00a0lit.\u00a0f\u00a0DSGVO. Unser berechtigtes Interesse liegt in der Ansprache von Besuchern unserer Webseite in Ihrer Muttersprache.<\/p>\n<p>4. Dauer der Speicherung<\/p>\n<p>WPML speichert Cookies auf Ihrem Endger\u00e4t. Informationen zur Speicherdauer der der Cookies finden Sie unter: <a href=\"https:\/\/wpml.org\/documentation\/privacy-policy-and-gdpr-compliance\">https:\/\/wpml.org\/documentation\/privacy-policy-and-gdpr-compliance<\/a><\/p>\n<p>5. Widerspruchs- und Beseitigungsm\u00f6glichkeit<\/p>\n<p>Sie k\u00f6nnen die Erfassung sowie die Verarbeitung Ihrer personenbezogenen Daten durch WPML verhindern, indem Sie die Speicherung von Cookies von Drittanbietern auf Ihrem Computer unterbinden, die &#8220;Do Not Track&#8221;-Funktion eines unterst\u00fctzenden Browsers nutzen, die Ausf\u00fchrung von Script-Code in Ihrem Browser deaktivieren oder einen Script-Blocker wie z.B. NoScript (<a href=\"www.noscript.net\">www.noscript.net<\/a>) oder Ghostery (<a href=\"www.ghostery.com\">www.ghostery.com<\/a>) in Ihrem Browser installieren.<br \/>\nWeitere Informationen zu Widerspruchs- und Beseitigungsm\u00f6glichkeiten gegen\u00fcber WPML finden Sie unter:<br \/>\n<a href=\"https:\/\/wpml.org\/documentation\/privacy-policy-and-gdpr-compliance\">https:\/\/wpml.org\/documentation\/privacy-policy-and-gdpr-compliance<\/a><\/p>\n<p>Einsatz von Contact Form 7<\/p>\n<p>1. Umfang der Verarbeitung personenbezogener Daten<\/p>\n<p>Wir nutzen das WordPress Plugin Contact Form 7 zur Verwaltung von Kontaktformularen auf unserer Webseite. Eingetragene Formulardaten werden per Email \u00fcbertragen. Es k\u00f6nnen dadurch personenbezogene Daten gespeichert und ausgewertet werden, vor allem die Aktivit\u00e4t des Nutzers (Insbesondere welche Seiten besucht worden sind und auf welche Elemente geklickt worden ist) und Ger\u00e4te- und Browserinformationen (Insbesondere die IP-Adresse und das Betriebssystem).<br \/>\nWeitere Informationen zur Erhebung und Speicherung der Daten durch Contact Form 7 erhalten Sie hier:<br \/>\n<a href=\"https:\/\/contactform7.com\/privacy-policy\/\">https:\/\/contactform7.com\/privacy-policy\/<\/a><\/p>\n<p>2. Zweck der Datenverarbeitung<\/p>\n<p>Die Nutzung des Contact Form 7 Plugins dient der Verbesserung der Nutzerfreundlichkeit unserer Webseite. Wir nutzen dieses Plug-In, um Kontaktformulare einfach erstellen, einbinden und ansprechend darstellen zu k\u00f6nnen.<\/p>\n<p>3. Rechtsgrundlage f\u00fcr die Verarbeitung personenbezogener Daten<\/p>\n<p>Rechtsgrundlage f\u00fcr die Datenverarbeitung ist Art. 6 Abs.1 S.1 lit. f DSGVO.<\/p>\n<p>4. Dauer der Speicherung<\/p>\n<p>Ihre pers\u00f6nlichen Informationen werden solange gespeichert, wie dies erforderlich ist, um die in dieser Datenschutzerkl\u00e4rung beschriebenen Zwecke zu erf\u00fcllen oder wie dies gesetzlich vorgeschrieben ist, z.B. f\u00fcr Steuer- und Buchhaltungszwecke.<\/p>\n<p>5. Widerspruchs- und Beseitigungsm\u00f6glichkeit<\/p>\n<p>Sie k\u00f6nnen die Erfassung sowie die Verarbeitung Ihrer personenbezogenen Daten durch Contact Form 7 verhindern, indem Sie die Speicherung von Cookies von Drittanbietern auf Ihrem Computer unterbinden, die &#8220;Do Not Track&#8221;-Funktion eines unterst\u00fctzenden Browsers nutzen, die Ausf\u00fchrung von Script-Code in Ihrem Browser deaktivieren oder einen Script-<br \/>\nBlocker wie z.B. NoScript (<a href=\"www.noscript.net\">www.noscript.net<\/a>) oder Ghostery (<a href=\"www.ghostery.com\">www.ghostery.com<\/a>) in Ihrem Browser installieren.<br \/>\nWeitere Informationen zu Widerspruchs- und Beseitigungsm\u00f6glichkeiten gegen\u00fcber Contact Form 7 finden Sie unter:<br \/>\n<a href=\"https:\/\/contactform7.com\/privacy-policy\/\">https:\/\/contactform7.com\/privacy-policy\/<\/a><\/p>\n<p>Diese Datenschutzerkl\u00e4rung wurde mit Unterst\u00fctzung von <a href=\"https:\/\/www.dataguard.de\">DataGuard<\/a> erstellt.<\/p>\n<p>&nbsp;<\/p>\n","protected":false},"excerpt":{"rendered":"<p>The following privacy policy statement is given in German language only. In case you feel uncomfortable using this website without being able to fully comprehend the data protection declaration given below, please refrain from using this website. &nbsp; Stand Februar 2020 Name und Anschrift des Verantwortlichen Der Verantwortliche im Sinne der Datenschutz-Grundverordnung und anderer nationaler [&#8230;]<\/p>\n<p><a class=\"btn btn-secondary understrap-read-more-link\" href=\"https:\/\/www.ivostud.com\/en\/privacy-policy\/\">Read More&#8230;<span class=\"screen-reader-text\"> from Privacy Policy<\/span><\/a><\/p>\n","protected":false},"author":1,"featured_media":908,"parent":0,"menu_order":0,"comment_status":"closed","ping_status":"closed","template":"page-templates\/standardseite.php","meta":[],"yoast_head":"<!-- This site is optimized with the Yoast SEO plugin v20.7 - https:\/\/yoast.com\/wordpress\/plugins\/seo\/ -->\n<title>Privacy Policy - IVOSTUD<\/title>\n<meta name=\"robots\" content=\"index, follow, max-snippet:-1, max-image-preview:large, max-video-preview:-1\" \/>\n<link rel=\"canonical\" href=\"https:\/\/www.ivostud.com\/privacy-policy\/\" \/>\n<meta property=\"og:locale\" content=\"en_US\" \/>\n<meta property=\"og:type\" content=\"article\" \/>\n<meta property=\"og:title\" content=\"Privacy Policy - IVOSTUD\" \/>\n<meta property=\"og:description\" content=\"The following privacy policy statement is given in German language only. In case you feel uncomfortable using this website without being able to fully comprehend the data protection declaration given below, please refrain from using this website. &nbsp; Stand Februar 2020 Name und Anschrift des Verantwortlichen Der Verantwortliche im Sinne der Datenschutz-Grundverordnung und anderer nationaler [...]Read More... from Privacy Policy\" \/>\n<meta property=\"og:url\" content=\"https:\/\/www.ivostud.com\/privacy-policy\/\" \/>\n<meta property=\"og:site_name\" content=\"IVOSTUD\" \/>\n<meta property=\"article:modified_time\" content=\"2020-02-27T12:41:48+00:00\" \/>\n<meta property=\"og:image\" content=\"https:\/\/www.ivostud.com\/wp-content\/uploads\/2019\/03\/datenschutz.jpg\" \/>\n\t<meta property=\"og:image:width\" content=\"1680\" \/>\n\t<meta property=\"og:image:height\" content=\"1120\" \/>\n\t<meta property=\"og:image:type\" content=\"image\/jpeg\" \/>\n<meta name=\"twitter:card\" content=\"summary_large_image\" \/>\n<meta name=\"twitter:label1\" content=\"Est. reading time\" \/>\n\t<meta name=\"twitter:data1\" content=\"27 minutes\" \/>\n<script type=\"application\/ld+json\" class=\"yoast-schema-graph\">{\"@context\":\"https:\/\/schema.org\",\"@graph\":[{\"@type\":\"WebPage\",\"@id\":\"https:\/\/www.ivostud.com\/privacy-policy\/\",\"url\":\"https:\/\/www.ivostud.com\/privacy-policy\/\",\"name\":\"Privacy Policy - IVOSTUD\",\"isPartOf\":{\"@id\":\"https:\/\/www.ivostud.com\/#website\"},\"datePublished\":\"2020-02-27T12:40:14+00:00\",\"dateModified\":\"2020-02-27T12:41:48+00:00\",\"breadcrumb\":{\"@id\":\"https:\/\/www.ivostud.com\/privacy-policy\/#breadcrumb\"},\"inLanguage\":\"en-US\",\"potentialAction\":[{\"@type\":\"ReadAction\",\"target\":[\"https:\/\/www.ivostud.com\/privacy-policy\/\"]}]},{\"@type\":\"BreadcrumbList\",\"@id\":\"https:\/\/www.ivostud.com\/privacy-policy\/#breadcrumb\",\"itemListElement\":[{\"@type\":\"ListItem\",\"position\":1,\"name\":\"Startseite\",\"item\":\"https:\/\/www.ivostud.com\/en\/\"},{\"@type\":\"ListItem\",\"position\":2,\"name\":\"Privacy Policy\"}]},{\"@type\":\"WebSite\",\"@id\":\"https:\/\/www.ivostud.com\/#website\",\"url\":\"https:\/\/www.ivostud.com\/\",\"name\":\"IVOSTUD\",\"description\":\"Eine weitere WordPress-Website\",\"potentialAction\":[{\"@type\":\"SearchAction\",\"target\":{\"@type\":\"EntryPoint\",\"urlTemplate\":\"https:\/\/www.ivostud.com\/?s={search_term_string}\"},\"query-input\":\"required name=search_term_string\"}],\"inLanguage\":\"en-US\"}]}<\/script>\n<!-- \/ Yoast SEO plugin. -->","yoast_head_json":{"title":"Privacy Policy - IVOSTUD","robots":{"index":"index","follow":"follow","max-snippet":"max-snippet:-1","max-image-preview":"max-image-preview:large","max-video-preview":"max-video-preview:-1"},"canonical":"https:\/\/www.ivostud.com\/privacy-policy\/","og_locale":"en_US","og_type":"article","og_title":"Privacy Policy - IVOSTUD","og_description":"The following privacy policy statement is given in German language only. In case you feel uncomfortable using this website without being able to fully comprehend the data protection declaration given below, please refrain from using this website. &nbsp; Stand Februar 2020 Name und Anschrift des Verantwortlichen Der Verantwortliche im Sinne der Datenschutz-Grundverordnung und anderer nationaler [...]Read More... from Privacy Policy","og_url":"https:\/\/www.ivostud.com\/privacy-policy\/","og_site_name":"IVOSTUD","article_modified_time":"2020-02-27T12:41:48+00:00","og_image":[{"width":1680,"height":1120,"url":"https:\/\/www.ivostud.com\/wp-content\/uploads\/2019\/03\/datenschutz.jpg","type":"image\/jpeg"}],"twitter_card":"summary_large_image","twitter_misc":{"Est. reading time":"27 minutes"},"schema":{"@context":"https:\/\/schema.org","@graph":[{"@type":"WebPage","@id":"https:\/\/www.ivostud.com\/privacy-policy\/","url":"https:\/\/www.ivostud.com\/privacy-policy\/","name":"Privacy Policy - IVOSTUD","isPartOf":{"@id":"https:\/\/www.ivostud.com\/#website"},"datePublished":"2020-02-27T12:40:14+00:00","dateModified":"2020-02-27T12:41:48+00:00","breadcrumb":{"@id":"https:\/\/www.ivostud.com\/privacy-policy\/#breadcrumb"},"inLanguage":"en-US","potentialAction":[{"@type":"ReadAction","target":["https:\/\/www.ivostud.com\/privacy-policy\/"]}]},{"@type":"BreadcrumbList","@id":"https:\/\/www.ivostud.com\/privacy-policy\/#breadcrumb","itemListElement":[{"@type":"ListItem","position":1,"name":"Startseite","item":"https:\/\/www.ivostud.com\/en\/"},{"@type":"ListItem","position":2,"name":"Privacy Policy"}]},{"@type":"WebSite","@id":"https:\/\/www.ivostud.com\/#website","url":"https:\/\/www.ivostud.com\/","name":"IVOSTUD","description":"Eine weitere WordPress-Website","potentialAction":[{"@type":"SearchAction","target":{"@type":"EntryPoint","urlTemplate":"https:\/\/www.ivostud.com\/?s={search_term_string}"},"query-input":"required name=search_term_string"}],"inLanguage":"en-US"}]}},"_links":{"self":[{"href":"https:\/\/www.ivostud.com\/en\/wp-json\/wp\/v2\/pages\/867"}],"collection":[{"href":"https:\/\/www.ivostud.com\/en\/wp-json\/wp\/v2\/pages"}],"about":[{"href":"https:\/\/www.ivostud.com\/en\/wp-json\/wp\/v2\/types\/page"}],"author":[{"embeddable":true,"href":"https:\/\/www.ivostud.com\/en\/wp-json\/wp\/v2\/users\/1"}],"replies":[{"embeddable":true,"href":"https:\/\/www.ivostud.com\/en\/wp-json\/wp\/v2\/comments?post=867"}],"version-history":[{"count":8,"href":"https:\/\/www.ivostud.com\/en\/wp-json\/wp\/v2\/pages\/867\/revisions"}],"predecessor-version":[{"id":1534,"href":"https:\/\/www.ivostud.com\/en\/wp-json\/wp\/v2\/pages\/867\/revisions\/1534"}],"wp:featuredmedia":[{"embeddable":true,"href":"https:\/\/www.ivostud.com\/en\/wp-json\/wp\/v2\/media\/908"}],"wp:attachment":[{"href":"https:\/\/www.ivostud.com\/en\/wp-json\/wp\/v2\/media?parent=867"}],"curies":[{"name":"wp","href":"https:\/\/api.w.org\/{rel}","templated":true}]}}